{"id":18,"date":"2015-12-06T21:20:24","date_gmt":"2015-12-06T20:20:24","guid":{"rendered":"http:\/\/www.kolping-rohrbach.de\/kf\/?page_id=18"},"modified":"2015-12-11T13:54:15","modified_gmt":"2015-12-11T12:54:15","slug":"unsere-geschichte","status":"publish","type":"page","link":"https:\/\/www.kolping-rohrbach.de\/kf\/unsere-familie\/unsere-geschichte\/","title":{"rendered":"Unsere Geschichte"},"content":{"rendered":"<p>In Rohrbach bestand seit 1913 ein J\u00fcnglingsverein, den die Mitglieder ab einem bestimmten Alter oder nach der Heirat wieder verlie\u00dfen. Danach hatten sie kaum eine M\u00f6glichkeit, sich in einer katholischen Gemeinschaft zu bet\u00e4tigen.<\/p>\n<figure style=\"width: 896px\" class=\"wp-caption alignnone\"><img loading=\"lazy\" decoding=\"async\" class=\"ngg-singlepic ngg-none\" src=\"http:\/\/www.kolping-rohrbach.de\/kf\/wp-content\/gallery\/gesellenverein\/1924-juenglings-gesellenverein.jpg\" alt=\"1924-juenglings-gesellenverein\" width=\"896\" height=\"700\" \/><figcaption class=\"wp-caption-text\">Der Gesellenverein um 1924<\/figcaption><\/figure>\n<p>Am 14.01.1924 wurde die Gr\u00fcndung des Gesellenvereins beschlossen, im Februar vollzogen und vom 06. bis 08.09. des gleichen Jahres im Rahmen eines Verbandsfestes der katholischen Gesellenvereine des Saarlandes in Form eines Volksfestes, ausgerichtet vom Gesellenverein Rohrbach, geb\u00fchrend gefeiert.<\/p>\n<p>Im September 1927 veranstaltete der Gesellenverein eine 6-t\u00e4gige Fachausstellung f\u00fcr handwerkliche Arbeiten, an der au\u00dfer 41 Lehrlingen auch zahlreiche Gesellen und Meister aus Rohrbach und Umgebung beteiligt waren. Diese Ausstellung war ein eindrucksvolles Zeichen, dass Mitglieder des Gesellenvereins nicht nur am religi\u00f6s-sittlichen Leben interessiert, sondern auch beruflich zu besonderen Leistungen f\u00e4hig waren.<br \/>\n\r\n<div class=\"ngg-galleryoverview\" id=\"ngg-gallery-9-18\">\r\n\r\n\t<!-- Slideshow link -->\r\n\t<div class=\"slideshowlink\">\r\n\t\t<a class=\"slideshowlink\" href=\"https:\/\/www.kolping-rohrbach.de\/kf\/unsere-familie\/unsere-geschichte\/?show=slide\">\r\n\t\t\t[Diashow zeigen]\t\t<\/a>\r\n\t<\/div>\r\n\r\n\t\r\n\t<!-- Thumbnails -->\r\n\t\t\r\n\t<div id=\"ngg-image-264\" class=\"ngg-gallery-thumbnail-box\"  >\r\n\t\t<div class=\"ngg-gallery-thumbnail\" >\r\n\t\t\t<a href=\"https:\/\/www.kolping-rohrbach.de\/kf\/wp-content\/gallery\/gesellenverein1\/1927-gewerbeausstellung-kath-geseelenverein-1.jpg\" title=\" \" class=\"shutterset_set_9\" >\r\n\t\t\t\t\t\t\t\t<img loading=\"lazy\" decoding=\"async\" title=\"1927-gewerbeausstellung-kath-geseelenverein-1\" alt=\"1927-gewerbeausstellung-kath-geseelenverein-1\" src=\"https:\/\/www.kolping-rohrbach.de\/kf\/wp-content\/gallery\/gesellenverein1\/thumbs\/thumbs_1927-gewerbeausstellung-kath-geseelenverein-1.jpg\" width=\"125\" height=\"100\" \/>\r\n\t\t\t\t\t\t\t<\/a>\r\n\t\t<\/div>\r\n\t<\/div>\r\n\t\r\n\t\t\r\n \t\t\r\n\t<div id=\"ngg-image-265\" class=\"ngg-gallery-thumbnail-box\"  >\r\n\t\t<div class=\"ngg-gallery-thumbnail\" >\r\n\t\t\t<a href=\"https:\/\/www.kolping-rohrbach.de\/kf\/wp-content\/gallery\/gesellenverein1\/1927-gewerbeausstellung-kath-geseelenverein-2.jpg\" title=\" \" class=\"shutterset_set_9\" >\r\n\t\t\t\t\t\t\t\t<img loading=\"lazy\" decoding=\"async\" title=\"1927-gewerbeausstellung-kath-geseelenverein-2\" alt=\"1927-gewerbeausstellung-kath-geseelenverein-2\" src=\"https:\/\/www.kolping-rohrbach.de\/kf\/wp-content\/gallery\/gesellenverein1\/thumbs\/thumbs_1927-gewerbeausstellung-kath-geseelenverein-2.jpg\" width=\"125\" height=\"100\" \/>\r\n\t\t\t\t\t\t\t<\/a>\r\n\t\t<\/div>\r\n\t<\/div>\r\n\t\r\n\t\t\r\n \t\t\r\n\t<div id=\"ngg-image-266\" class=\"ngg-gallery-thumbnail-box\"  >\r\n\t\t<div class=\"ngg-gallery-thumbnail\" >\r\n\t\t\t<a href=\"https:\/\/www.kolping-rohrbach.de\/kf\/wp-content\/gallery\/gesellenverein1\/1927-gewerbeausstellung-kath-geseelenverein-3.jpg\" title=\" \" class=\"shutterset_set_9\" >\r\n\t\t\t\t\t\t\t\t<img loading=\"lazy\" decoding=\"async\" title=\"1927-gewerbeausstellung-kath-geseelenverein-3\" alt=\"1927-gewerbeausstellung-kath-geseelenverein-3\" src=\"https:\/\/www.kolping-rohrbach.de\/kf\/wp-content\/gallery\/gesellenverein1\/thumbs\/thumbs_1927-gewerbeausstellung-kath-geseelenverein-3.jpg\" width=\"125\" height=\"100\" \/>\r\n\t\t\t\t\t\t\t<\/a>\r\n\t\t<\/div>\r\n\t<\/div>\r\n\t\r\n\t\t\r\n \t\t\r\n\t<div id=\"ngg-image-260\" class=\"ngg-gallery-thumbnail-box\"  >\r\n\t\t<div class=\"ngg-gallery-thumbnail\" >\r\n\t\t\t<a href=\"https:\/\/www.kolping-rohrbach.de\/kf\/wp-content\/gallery\/gesellenverein1\/1928-pfarrer-dr-niklas-und-gesellenverein_0001.jpg\" title=\" \" class=\"shutterset_set_9\" >\r\n\t\t\t\t\t\t\t\t<img loading=\"lazy\" decoding=\"async\" title=\"1928-pfarrer-dr-niklas-und-gesellenverein_0001\" alt=\"1928-pfarrer-dr-niklas-und-gesellenverein_0001\" src=\"https:\/\/www.kolping-rohrbach.de\/kf\/wp-content\/gallery\/gesellenverein1\/thumbs\/thumbs_1928-pfarrer-dr-niklas-und-gesellenverein_0001.jpg\" width=\"125\" height=\"100\" \/>\r\n\t\t\t\t\t\t\t<\/a>\r\n\t\t<\/div>\r\n\t<\/div>\r\n\t\r\n\t\t\r\n \t\t\r\n\t<div id=\"ngg-image-261\" class=\"ngg-gallery-thumbnail-box\"  >\r\n\t\t<div class=\"ngg-gallery-thumbnail\" >\r\n\t\t\t<a href=\"https:\/\/www.kolping-rohrbach.de\/kf\/wp-content\/gallery\/gesellenverein1\/1928-pfarrer-dr-niklas-und-gesellenverein_0002.jpg\" title=\" \" class=\"shutterset_set_9\" >\r\n\t\t\t\t\t\t\t\t<img loading=\"lazy\" decoding=\"async\" title=\"1928-pfarrer-dr-niklas-und-gesellenverein_0002\" alt=\"1928-pfarrer-dr-niklas-und-gesellenverein_0002\" src=\"https:\/\/www.kolping-rohrbach.de\/kf\/wp-content\/gallery\/gesellenverein1\/thumbs\/thumbs_1928-pfarrer-dr-niklas-und-gesellenverein_0002.jpg\" width=\"125\" height=\"100\" \/>\r\n\t\t\t\t\t\t\t<\/a>\r\n\t\t<\/div>\r\n\t<\/div>\r\n\t\r\n\t\t\r\n \t\t\r\n\t<div id=\"ngg-image-258\" class=\"ngg-gallery-thumbnail-box\"  >\r\n\t\t<div class=\"ngg-gallery-thumbnail\" >\r\n\t\t\t<a href=\"https:\/\/www.kolping-rohrbach.de\/kf\/wp-content\/gallery\/gesellenverein1\/1928-pfarrer-dr-niklas-und-gesellenverein-2_0001.jpg\" title=\" \" class=\"shutterset_set_9\" >\r\n\t\t\t\t\t\t\t\t<img loading=\"lazy\" decoding=\"async\" title=\"1928-pfarrer-dr-niklas-und-gesellenverein-2_0001\" alt=\"1928-pfarrer-dr-niklas-und-gesellenverein-2_0001\" src=\"https:\/\/www.kolping-rohrbach.de\/kf\/wp-content\/gallery\/gesellenverein1\/thumbs\/thumbs_1928-pfarrer-dr-niklas-und-gesellenverein-2_0001.jpg\" width=\"125\" height=\"100\" \/>\r\n\t\t\t\t\t\t\t<\/a>\r\n\t\t<\/div>\r\n\t<\/div>\r\n\t\r\n\t\t\r\n \t\t\r\n\t<div id=\"ngg-image-259\" class=\"ngg-gallery-thumbnail-box\"  >\r\n\t\t<div class=\"ngg-gallery-thumbnail\" >\r\n\t\t\t<a href=\"https:\/\/www.kolping-rohrbach.de\/kf\/wp-content\/gallery\/gesellenverein1\/1928-pfarrer-dr-niklas-und-gesellenverein-2_0002.jpg\" title=\" \" class=\"shutterset_set_9\" >\r\n\t\t\t\t\t\t\t\t<img loading=\"lazy\" decoding=\"async\" title=\"1928-pfarrer-dr-niklas-und-gesellenverein-2_0002\" alt=\"1928-pfarrer-dr-niklas-und-gesellenverein-2_0002\" src=\"https:\/\/www.kolping-rohrbach.de\/kf\/wp-content\/gallery\/gesellenverein1\/thumbs\/thumbs_1928-pfarrer-dr-niklas-und-gesellenverein-2_0002.jpg\" width=\"125\" height=\"100\" \/>\r\n\t\t\t\t\t\t\t<\/a>\r\n\t\t<\/div>\r\n\t<\/div>\r\n\t\r\n\t\t\r\n \t \t\r\n\t<!-- Pagination -->\r\n \t<div class='ngg-clear'><\/div>\n \t\r\n<\/div>\r\n\r\n<\/p>\n<p>Am 13.05.1928 wurde in einem Festgottesdienst mit anschlie\u00dfendem Festzug und Fest am Hohen Wald die erste schwarz-orangene Fahne, Symbol der Kolpingbewegung, geweiht.<br \/>\nAngeregt durch die an der Fahnenweihe beteiligten Musikkapellen pf\u00e4lzischer Gesellenvereine, gr\u00fcndete auch der Gesellenverein Rohrbach eine Musikkapelle, die aber nach R\u00fcckgliederung der Saar an das Deutsche Reich 1935 nicht mehr existieren konnte.<\/p>\n<figure style=\"width: 597px\" class=\"wp-caption aligncenter\"><img loading=\"lazy\" decoding=\"async\" class=\"ngg-singlepic ngg-none\" src=\"http:\/\/www.kolping-rohrbach.de\/kf\/wp-content\/gallery\/gesellenverein\/1928-fahnenweihe-1.jpg\" alt=\"1928-fahnenweihe-1\" width=\"597\" height=\"374\" \/><figcaption class=\"wp-caption-text\">Fahnenweihe mit Festumzug<\/figcaption><\/figure>\n<figure style=\"width: 602px\" class=\"wp-caption alignnone\"><img loading=\"lazy\" decoding=\"async\" class=\"ngg-singlepic ngg-none\" src=\"http:\/\/www.kolping-rohrbach.de\/kf\/wp-content\/gallery\/gesellenverein\/1928-fahnenweihe-gesellenverein.jpg\" alt=\"1928-fahnenweihe-gesellenverein\" width=\"602\" height=\"385\" \/><figcaption class=\"wp-caption-text\">Stolze Fahnentr\u00e4ger und herausgeputzte M\u00e4nner<\/figcaption><\/figure>\n<p>Unter dem Druck der damaligen politischen Verh\u00e4ltnisse musste in der Zeit nach 1935 nach und nach auch der Gesellenverein seiner T\u00e4tigkeit einstellen.<\/p>\n<p>Im April 1959 wurde der Gesellenverein, jetzt offiziell als Kolpingfamilie, unter dem Pr\u00e4ses Pfarrer Leo K\u00f6ller wieder gegr\u00fcndet.<\/p>\n<p>Leitmotiv waren die wesentlichen Artikel des Generalstatus des internationalen Kolpingwerkes: der aktive Christ, der loyale Staatsb\u00fcrger, der f\u00fcrsorgliche Familienvater, die T\u00fcchtigkeit im Beruf. Am 3. Mai des gleichen Jahres fand die feierliche Aufnahme der Kolpingbr\u00fcder in die Kolpingfamilie statt. Erster Vorsitzender wurde Hermann Stolz.<\/p>\n<p>Seit Wiedergr\u00fcndung pflegte die Kolpingfamilie ein reges &#8222;Vereinsleben&#8220; mit vielen Veranstaltungen auf kirchlich-religi\u00f6sem Gebiet, aber auch mit weltlichen und gesellschaftlichen Themen. Nicht zuletzt trugen au\u00dfer dem Zusammenhalt und dem Klima der Mitglieder untereinander auch viele gesellschaftliche Veranstaltungen dazu bei, dass sich immer mehr Rohrbacher zur Kolpingfamilie hingezogen f\u00fchlten.<\/p>\n<p>1971 richtete die Kolpingfamilie Rohrbach erstmals den Bezirksbildungstag aus. Im gleichen Jahr wurden die ersten Frauen als Mitglieder in die Kolpingfamilie aufgenommen. Damit wuchs nicht nur die Mitgliederzahl st\u00e4rker, sondern ab dieser Zeit konnte auch das Veranstaltungsangebot erweitert und die Veranstaltung selbst mit viel mehr Effizienz durchgef\u00fchrt werden.<\/p>\n<figure id=\"attachment_203\" aria-describedby=\"caption-attachment-203\" style=\"width: 604px\" class=\"wp-caption aligncenter\"><img loading=\"lazy\" decoding=\"async\" class=\"wp-image-203 size-large\" src=\"http:\/\/www.kolping-rohrbach.de\/kf\/wp-content\/uploads\/1971-Aufnahmefeier-Kolping-_0001-1024x671.jpg\" alt=\"1971 Aufnahmefeier-Kolping-_0001\" width=\"604\" height=\"396\" srcset=\"https:\/\/www.kolping-rohrbach.de\/kf\/wp-content\/uploads\/1971-Aufnahmefeier-Kolping-_0001-1024x671.jpg 1024w, https:\/\/www.kolping-rohrbach.de\/kf\/wp-content\/uploads\/1971-Aufnahmefeier-Kolping-_0001-300x196.jpg 300w, https:\/\/www.kolping-rohrbach.de\/kf\/wp-content\/uploads\/1971-Aufnahmefeier-Kolping-_0001-768x503.jpg 768w, https:\/\/www.kolping-rohrbach.de\/kf\/wp-content\/uploads\/1971-Aufnahmefeier-Kolping-_0001.jpg 1704w\" sizes=\"auto, (max-width: 604px) 100vw, 604px\" \/><figcaption id=\"caption-attachment-203\" class=\"wp-caption-text\">Aufnahmefeier im Jahre 1971<\/figcaption><\/figure>\n<p>Im Jahre 1973 wurde der Kolpingfamilie Rohrbach die Ausrichtung des Di\u00f6zesanfamilientages \u00fcbertragen. Dies war sowohl eine\u00a0 Ehre, als auch eine Gelegenheit, in Rohrbach und dar\u00fcber hinaus auf ihre vielf\u00e4ltigen Aktivit\u00e4ten aufmerksam zu machen. So wurde die Veranstaltung in ein gro\u00dfes Festzelt am damals neuen Rohrbacher Weiher eingebunden. Dieses Fest war nicht nur ein gro\u00dfes Erlebnis f\u00fcr alle Beteiligten und f\u00fcr die Kolpingfamilie ein beachtlicher Erfolg, sondern auch die Startveranstaltung f\u00fcr 26 Jahre &#8222;Pfingsten mit Kolping&#8220;, was zur damaligen Zeit noch niemand wusste.<\/p>\n<p>Als im Jahre 1975 der Umbau und die Erweiterung des katholischen Jugendheims anstanden, hat sich die Kolpingfamilie mit viel Flei\u00df und Einsatz freiwillig zur Verf\u00fcgung gestellt. Die herbei gewonnenen Erkenntnisse \u00fcber die fachlichen M\u00f6glichkeiten der Mitglieder, besonders aber, zu welchen Leistungen Zielstrebigkeit und Zusammenhalt f\u00e4hig sind, waren mit ein Grundstein f\u00fcr ein wenige Jahre sp\u00e4ter in eigener Regie in Angriff genommenes und auch erfolgreich vollendetes gro\u00dfes Bauvorhaben.<\/p>\n<p>Bereits ab 1975 veranstaltete die Kolpingfamilie Rohrbach ziemlich regelm\u00e4\u00dfig f\u00fcr ihre Mitglieder preisg\u00fcnstige Urlaubsfahrten. Nach den ersten beiden Fahrten kam erstmals die Idee auf, M\u00f6glichkeiten zu untersuchen, ein eigenes Ferienhaus zu kaufen oder zu bauen. Am 27.04.1978 erwarb die Kolpingfamilie ein altes landwirtschaftliches Anwesen in Falkenstein zum Donnersberg in der Pfalz mit Wohnhaus, Scheune und 4700m<sup>2<\/sup>\u00a0Land. Die vorhandenen Bauten wurden abgerissen und unter eigener Planung und Durchf\u00fchrung mit ca. 70% Eigenleistung das <a href=\"http:\/\/www.kolping-rohrbach.de\/kf\/unsere-familie\/unser-kolpinghaus-in-falkenstein\/\">Kolping Familien- und Jugendhaus Falkenstein errichtet<\/a>. Das Haupthaus wurde am 30.04.1983 durch Herrn Generalpr\u00e4ses Heinrich Festing eingeweiht. Bereits am 01.05.1990 konnte das sogenannte Haus 2 mit einem sch\u00f6nen Turm eingeweiht werden. Mit der Einweihung einer sch\u00f6nen Mariengrotte am 01.05.1994 wurde das gesamte Bauvorhaben in Falkenstein abgerundet.<\/p>\n<p>Die Kolpingfamilie Rohrbach bestreitet im Jahresablauf ein umfangreiches, vielf\u00e4ltiges Programm, das von vielen Mitgliedern, h\u00e4ufig auch von Freunden und G\u00f6nnern, angenommen wird.<\/p>\n<p>Zur Zeit geh\u00f6ren der Kolpingfamilie Rohrbach rund 380 Mitglieder an, davon 140 Frauen und 40 Jugendliche. Die Mitglieder bestehen derzeit noch zu einem gr\u00f6\u00dferen Anteil aus Frauen und M\u00e4nnern von \u00fcber 50 Jahren. Es ist aber eine deutliche Tendenz zur Verj\u00fcngung festzustellen.<\/p>\n<p><span style=\"color: #999999;\"><em>Die Bilder auf dieser Seite wurden uns freundlicherweise von Karl Abel zu Verf\u00fcgung gestellt.<\/em><\/span><\/p>\n","protected":false},"excerpt":{"rendered":"<p>In Rohrbach bestand seit 1913 ein J\u00fcnglingsverein, den die Mitglieder ab einem bestimmten Alter oder nach der Heirat wieder verlie\u00dfen. Danach hatten sie kaum eine M\u00f6glichkeit, sich in einer katholischen Gemeinschaft zu bet\u00e4tigen. Am 14.01.1924 wurde die Gr\u00fcndung des Gesellenvereins beschlossen, im Februar vollzogen und vom 06. bis 08.09. des gleichen Jahres im Rahmen eines &hellip; <a href=\"https:\/\/www.kolping-rohrbach.de\/kf\/unsere-familie\/unsere-geschichte\/\" class=\"more-link\"><span class=\"screen-reader-text\">Unsere Geschichte<\/span> weiterlesen <span class=\"meta-nav\">&rarr;<\/span><\/a><\/p>\n","protected":false},"author":1,"featured_media":0,"parent":16,"menu_order":0,"comment_status":"closed","ping_status":"closed","template":"","meta":{"footnotes":""},"class_list":["post-18","page","type-page","status-publish","hentry"],"aioseo_notices":[],"_links":{"self":[{"href":"https:\/\/www.kolping-rohrbach.de\/kf\/wp-json\/wp\/v2\/pages\/18","targetHints":{"allow":["GET"]}}],"collection":[{"href":"https:\/\/www.kolping-rohrbach.de\/kf\/wp-json\/wp\/v2\/pages"}],"about":[{"href":"https:\/\/www.kolping-rohrbach.de\/kf\/wp-json\/wp\/v2\/types\/page"}],"author":[{"embeddable":true,"href":"https:\/\/www.kolping-rohrbach.de\/kf\/wp-json\/wp\/v2\/users\/1"}],"replies":[{"embeddable":true,"href":"https:\/\/www.kolping-rohrbach.de\/kf\/wp-json\/wp\/v2\/comments?post=18"}],"version-history":[{"count":16,"href":"https:\/\/www.kolping-rohrbach.de\/kf\/wp-json\/wp\/v2\/pages\/18\/revisions"}],"predecessor-version":[{"id":217,"href":"https:\/\/www.kolping-rohrbach.de\/kf\/wp-json\/wp\/v2\/pages\/18\/revisions\/217"}],"up":[{"embeddable":true,"href":"https:\/\/www.kolping-rohrbach.de\/kf\/wp-json\/wp\/v2\/pages\/16"}],"wp:attachment":[{"href":"https:\/\/www.kolping-rohrbach.de\/kf\/wp-json\/wp\/v2\/media?parent=18"}],"curies":[{"name":"wp","href":"https:\/\/api.w.org\/{rel}","templated":true}]}}